{"id":25,"date":"2023-11-11T15:02:47","date_gmt":"2023-11-11T14:02:47","guid":{"rendered":"https:\/\/ventsdevre.fr\/wpclone\/?page_id=25"},"modified":"2024-03-23T14:39:11","modified_gmt":"2024-03-23T13:39:11","slug":"accueil","status":"publish","type":"page","link":"https:\/\/ventsdevre.fr\/wpclone\/","title":{"rendered":"Accueil"},"content":{"rendered":"<figure class=\"wp-block-table is-style-regular\">\r\n<p><span style=\"font-size: 18pt;\"><em>Un parc \u00e9olien 100 % citoyen et territoire au Fief-Sauvin, dont la mise en service est pr\u00e9vue en 2025, pour une exploitation jusqu\u2019en 2050.<br \/><div class='marquee-hsas-shortcode-10' style='width: 100%;overflow: hidden;'><a style=\"text-decoration: none;\" href=\"http:\/\/scroll1\" target=\"_self\"><span style=\"color: blue;\">... Permanences les samedi matins 23 et 30 mars, 6 et 13 avril. Derni\u00e8re r\u00e9union publique d'information le 5 avril au Fief-Sauvin. Voir rubrique Agenda... <\/span><\/a><\/div><script>jQuery(function(){jQuery('.marquee-hsas-shortcode-10').marquee({allowCss3Support: true,css3easing: 'linear',easing: 'linear',delayBeforeStart: 2000,direction: 'left',duplicated: true,duration: 10000,gap: 50,pauseOnCycle: true,pauseOnHover: true,startVisible: true});});<\/script><br \/><\/em><\/span><\/p>\r\n<table style=\"width: 100%; height: 504px;\">\r\n<tbody>\r\n<tr style=\"height: 266px;\">\r\n<td class=\"has-text-align-center\" style=\"border-style: hidden; vertical-align: top; height: 266px; width: 24.1667%;\" data-align=\"center\"><div class=\"pt-cv-wrapper\"><div class=\"pt-cv-view pt-cv-grid pt-cv-colsys\" id=\"pt-cv-view-8054e039qv\"><div data-id=\"pt-cv-page-1\" class=\"pt-cv-page\" data-cvc=\"1\"><div class=\"col-md-12 col-sm-12 col-xs-12 pt-cv-content-item pt-cv-1-col\" ><div class='pt-cv-ifield'><a href=\"https:\/\/ventsdevre.fr\/wpclone\/2023\/11\/28\/jallais-17-octobre-2023\/\" class=\"_self pt-cv-href-thumbnail pt-cv-thumb-default\" target=\"_self\" ><img loading=\"lazy\" decoding=\"async\" width=\"300\" height=\"242\" src=\"https:\/\/ventsdevre.fr\/wpclone\/wp-content\/uploads\/2023\/11\/17-Oct-2023-Jallais_Un-projet-citoyen-de-quatre-eoliennes-dans-un-village-du-Maine-et-Loire-\u2013-Br-300x242.png\" class=\"pt-cv-thumbnail\" alt=\"\" srcset=\"https:\/\/ventsdevre.fr\/wpclone\/wp-content\/uploads\/2023\/11\/17-Oct-2023-Jallais_Un-projet-citoyen-de-quatre-eoliennes-dans-un-village-du-Maine-et-Loire-\u2013-Br-300x242.png 300w, https:\/\/ventsdevre.fr\/wpclone\/wp-content\/uploads\/2023\/11\/17-Oct-2023-Jallais_Un-projet-citoyen-de-quatre-eoliennes-dans-un-village-du-Maine-et-Loire-\u2013-Br.png 613w\" sizes=\"auto, (max-width: 300px) 100vw, 300px\" \/><\/a>\n<h4 class=\"pt-cv-title\"><a href=\"https:\/\/ventsdevre.fr\/wpclone\/2023\/11\/28\/jallais-17-octobre-2023\/\" class=\"_self\" target=\"_self\" >Jallais 17 octobre 2023<\/a><\/h4>\n<div class=\"pt-cv-content\">Un projet \u00ab\u00a0citoyen\u00a0\u00bb de quatre \u00e9oliennes dans un village du Maine-et-LoireT\u00e9l\u00e9charger ...<br \/><div class=\"pt-cv-rmwrap\"><a href=\"https:\/\/ventsdevre.fr\/wpclone\/2023\/11\/28\/jallais-17-octobre-2023\/\" class=\"_self pt-cv-readmore btn btn-success\" target=\"_self\">Lire La Suite\u2026<\/a><\/div><\/div><\/div><\/div>\n<div class=\"col-md-12 col-sm-12 col-xs-12 pt-cv-content-item pt-cv-1-col\" ><div class='pt-cv-ifield'><a href=\"https:\/\/ventsdevre.fr\/wpclone\/2023\/11\/11\/beaupreau-en-mauges-eoliencitoyen-reunion-dinformation-devents-devre\/\" class=\"_self pt-cv-href-thumbnail pt-cv-thumb-default\" target=\"_self\" ><img loading=\"lazy\" decoding=\"async\" width=\"300\" height=\"200\" src=\"https:\/\/ventsdevre.fr\/wpclone\/wp-content\/uploads\/2023\/11\/nature-horizon-silhouette-sun-sunrise-sunset-1022760-pxhere.com_-300x200.jpg\" class=\"pt-cv-thumbnail\" alt=\"\" srcset=\"https:\/\/ventsdevre.fr\/wpclone\/wp-content\/uploads\/2023\/11\/nature-horizon-silhouette-sun-sunrise-sunset-1022760-pxhere.com_-300x200.jpg 300w, https:\/\/ventsdevre.fr\/wpclone\/wp-content\/uploads\/2023\/11\/nature-horizon-silhouette-sun-sunrise-sunset-1022760-pxhere.com_-1024x683.jpg 1024w, https:\/\/ventsdevre.fr\/wpclone\/wp-content\/uploads\/2023\/11\/nature-horizon-silhouette-sun-sunrise-sunset-1022760-pxhere.com_-768x512.jpg 768w, https:\/\/ventsdevre.fr\/wpclone\/wp-content\/uploads\/2023\/11\/nature-horizon-silhouette-sun-sunrise-sunset-1022760-pxhere.com_-1536x1024.jpg 1536w, https:\/\/ventsdevre.fr\/wpclone\/wp-content\/uploads\/2023\/11\/nature-horizon-silhouette-sun-sunrise-sunset-1022760-pxhere.com_-700x465.jpg 700w, https:\/\/ventsdevre.fr\/wpclone\/wp-content\/uploads\/2023\/11\/nature-horizon-silhouette-sun-sunrise-sunset-1022760-pxhere.com_.jpg 1800w\" sizes=\"auto, (max-width: 300px) 100vw, 300px\" \/><\/a>\n<h4 class=\"pt-cv-title\"><a href=\"https:\/\/ventsdevre.fr\/wpclone\/2023\/11\/11\/beaupreau-en-mauges-eoliencitoyen-reunion-dinformation-devents-devre\/\" class=\"_self\" target=\"_self\" >Beaupr\u00e9au-en-Mauges. \u00c9oliencitoyen\u00a0: r\u00e9union d\u2019information deVents d\u2019\u00c8vre<\/a><\/h4>\n<div class=\"pt-cv-content\">14-oct-2023-Beaupreau-en-Mauges.-Eolien-citoyen-_-reunion-dinformation-de-Vents-dEvre-Cholet.maville.com_ ...<br \/><div class=\"pt-cv-rmwrap\"><a href=\"https:\/\/ventsdevre.fr\/wpclone\/2023\/11\/11\/beaupreau-en-mauges-eoliencitoyen-reunion-dinformation-devents-devre\/\" class=\"_self pt-cv-readmore btn btn-success\" target=\"_self\">Lire La Suite\u2026<\/a><\/div><\/div><\/div><\/div>\n<div class=\"col-md-12 col-sm-12 col-xs-12 pt-cv-content-item pt-cv-1-col\" ><div class='pt-cv-ifield'><a href=\"https:\/\/ventsdevre.fr\/wpclone\/2023\/11\/11\/nouvelles-du-27-10\/\" class=\"_self pt-cv-href-thumbnail pt-cv-thumb-default\" target=\"_self\" ><img loading=\"lazy\" decoding=\"async\" width=\"272\" height=\"172\" src=\"https:\/\/ventsdevre.fr\/wpclone\/wp-content\/uploads\/2023\/12\/logo2.png\" class=\"pt-cv-thumbnail\" alt=\"\" \/><\/a>\n<h4 class=\"pt-cv-title\"><a href=\"https:\/\/ventsdevre.fr\/wpclone\/2023\/11\/11\/nouvelles-du-27-10\/\" class=\"_self\" target=\"_self\" >Nouvelles du 27\/10<\/a><\/h4>\n<div class=\"pt-cv-content\">Le projet de Parc \u00e9olien du Fief-Sauvin continue \u00e0 avancer.La prochaine r\u00e9union publique d'informations (et derni\u00e8re des cinq dates que ...<br \/><div class=\"pt-cv-rmwrap\"><a href=\"https:\/\/ventsdevre.fr\/wpclone\/2023\/11\/11\/nouvelles-du-27-10\/\" class=\"_self pt-cv-readmore btn btn-success\" target=\"_self\">Lire La Suite\u2026<\/a><\/div><\/div><\/div><\/div><\/div><\/div><\/div><\/td>\r\n<td style=\"border-style: hidden; vertical-align: top; width: 17.8646%;\">\u00a0<\/td>\r\n<td class=\"has-text-align-center\" style=\"border-style: hidden; vertical-align: top; height: 266px; width: 17.8646%;\" data-align=\"center\">\u00a0<\/td>\r\n<td class=\"has-text-align-center\" style=\"border-style: hidden; vertical-align: top; height: 266px; width: 15%;\" data-align=\"center\"><img loading=\"lazy\" decoding=\"async\" class=\"\" src=\"https:\/\/ventsdevre.fr\/wpclone\/wp-content\/uploads\/2023\/12\/EolienneGifA_41454.gif\" alt=\"\" width=\"95\" height=\"219\" \/><\/td>\r\n<td class=\"has-text-align-center\" style=\"border-style: hidden; height: 266px; width: 25.1042%; text-align: center; vertical-align: top;\" data-align=\"center\">\u00a0<div id='m\u00e9t\u00e9o' class='widgets_on_page wop_tiny1  wop_small1  wop_medium1  wop_large1  wop_wide1'>\n\t\t\t<ul><li id=\"wp-forecast-5\" class=\"widget wp_forecast_widget\"><h2 class=\"widgettitle\"><\/h2><div id=\"wp-forecastA\" class=\"wp-forecast\">\n<div class=\"wp-forecast-curr\">\n<div class=\"wp-forecast-curr-head\"><div>Parc \u00e9olien - La Petite For\u00eat<\/div>\n<div>3 mai 2026, 18h05<\/div>\n<\/div>\n<div class=\"wp-forecast-curr-block\"><div class='wp-forecast-curr-left'><img class='wp-forecast-curr-left' src='https:\/\/ventsdevre.fr\/wpclone\/wp-content\/plugins\/wp-forecast\/icons\/04.gif' alt='Partly cloudy' width='64' height='40' \/>\n<br \/><img src='https:\/\/ventsdevre.fr\/wpclone\/wp-content\/plugins\/wp-forecast\/icons\/wpf-WSW.png' alt='WSW' width='48' height='48' \/>\n<\/div><div class='wp-forecast-curr-right'><div>17&deg;C<\/div><div class=\"wp-forecast-wind-right\">4.2 m\/s<\/div>\n<\/div>\n<\/div>\n<div class=\"wp-forecast-curr-details\"><div>Vent: 4.2 m\/s WSW<\/div>\n<div>Rafales : 9.2 m\/s<\/div>\n<div class=\"wp-forecast-copyright\"><a href=\"https:\/\/open-meteo.com\">&copy; 2026 Powered by Open-Meteo<\/a><\/div><\/div>\n<\/div>\n<div class=\"wp-forecast-fc\">\n<\/div>\n<\/div>\n<div style=\"clear:inherit;\">&nbsp;<\/div><\/li><\/ul><\/div><!-- widgets_on_page --><\/td>\r\n<\/tr>\r\n<tr style=\"height: 158px;\">\r\n<td class=\"has-text-align-center\" style=\"border-style: hidden; vertical-align: top; height: 158px; width: 24.1667%;\" data-align=\"center\">\u00a0<\/td>\r\n<td style=\"border-style: hidden; vertical-align: top; width: 17.8646%;\"><img loading=\"lazy\" decoding=\"async\" class=\"aligncenter\" src=\"https:\/\/ventsdevre.fr\/wpclone\/wp-content\/uploads\/2023\/11\/picto1.png\" alt=\"\" width=\"148\" height=\"148\" \/><\/td>\r\n<td class=\"has-text-align-center\" style=\"border-style: hidden; vertical-align: top; height: 158px; width: 17.8646%;\" data-align=\"center\"><img loading=\"lazy\" decoding=\"async\" class=\"aligncenter\" src=\"https:\/\/ventsdevre.fr\/wpclone\/wp-content\/uploads\/2023\/11\/picto3.png\" alt=\"\" width=\"148\" height=\"148\" \/><\/td>\r\n<td class=\"has-text-align-center\" style=\"border-style: hidden; vertical-align: top; height: 158px; width: 15%;\" data-align=\"center\"><img loading=\"lazy\" decoding=\"async\" class=\"aligncenter\" src=\"https:\/\/ventsdevre.fr\/wpclone\/wp-content\/uploads\/2023\/11\/picto2.png\" alt=\"\" width=\"148\" height=\"148\" \/><\/td>\r\n<td class=\"has-text-align-center\" style=\"border-style: hidden; vertical-align: top; height: 158px; width: 25.1042%;\" data-align=\"center\"><img loading=\"lazy\" decoding=\"async\" class=\"aligncenter\" src=\"https:\/\/ventsdevre.fr\/wpclone\/wp-content\/uploads\/2023\/11\/picto4.png\" alt=\"\" width=\"148\" height=\"148\" \/><\/td>\r\n<\/tr>\r\n<tr style=\"height: 80px;\">\r\n<td class=\"has-text-align-center\" style=\"border-style: hidden; height: 80px; width: 24.1667%;\" data-align=\"center\">\u00a0<\/td>\r\n<td style=\"border-style: hidden; width: 17.8646%; text-align: center;\"><strong>4 \u00e9oliennes<\/strong><\/td>\r\n<td class=\"has-text-align-center\" style=\"border-style: hidden; height: 80px; width: 17.8646%;\" data-align=\"center\"><strong>Consommation annuelle de 11000 personnes\u00a0<br \/><\/strong><em>(hors chauffage et eau chaude)<\/em><\/td>\r\n<td class=\"has-text-align-center\" style=\"border-style: hidden; height: 80px; width: 15%; text-align: center;\" data-align=\"center\"><strong>Au Fief-Sauvin<\/strong><\/td>\r\n<td class=\"has-text-align-center\" style=\"border-style: hidden; height: 80px; width: 25.1042%; text-align: center;\" data-align=\"center\"><strong>Mise en service pr\u00e9vue en 2025<\/strong><\/td>\r\n<\/tr>\r\n<\/tbody>\r\n<\/table>\r\n<\/figure>\r\n\r\n<p>&nbsp;<\/p>\r\n\r\n<p><!-- \/wp:post-content --><\/p>\r\n<p><!-- wp:image {\"id\":256,\"sizeSlug\":\"full\",\"linkDestination\":\"none\"} \/--><\/p>\r\n<p><!-- wp:table --><\/p>\r\n<figure class=\"wp-block-table\"><\/figure>\r\n<p><!-- \/wp:table --><\/p>\r\n<p><!-- wp:audio {\"id\":151} --><\/p>\r\n<figure class=\"wp-block-audio\"><audio src=\"https:\/\/ventsdevre.fr\/wpclone\/wp-content\/uploads\/2023\/11\/AMBBird_Campagne-ID-0097_LS-online-audio-converter.com_.mp3\" autoplay=\"autoplay\" loop=\"loop\" controls=\"controls\"><\/audio>\u00a0<code><\/code><\/figure>\r\n<p><!-- \/wp:audio --><\/p>\r\n<p><!-- wp:code \/--><\/p>\r\n<p><!-- wp:code \/--><\/p>","protected":false},"excerpt":{"rendered":"<p>Un parc \u00e9olien 100 % citoyen et territoire au Fief-Sauvin, dont la mise en service est pr\u00e9vue en 2025, pour une exploitation jusqu\u2019en 2050. \u00a0 &hellip; <\/p>\n","protected":false},"author":1,"featured_media":0,"parent":0,"menu_order":0,"comment_status":"closed","ping_status":"closed","template":"","meta":{"cybocfi_hide_featured_image":"","footnotes":""},"class_list":["post-25","page","type-page","status-publish","hentry"],"yoast_head":"<!-- This site is optimized with the Yoast SEO plugin v27.5 - https:\/\/yoast.com\/product\/yoast-seo-wordpress\/ -->\n<title>Accueil - Vents d&#039;Evre - Les \u00e9oliennes du Fief-Sauvin<\/title>\n<meta name=\"robots\" content=\"index, follow, max-snippet:-1, max-image-preview:large, max-video-preview:-1\" \/>\n<link rel=\"canonical\" href=\"https:\/\/ventsdevre.fr\/wpclone\/\" \/>\n<meta property=\"og:locale\" content=\"fr_FR\" \/>\n<meta property=\"og:type\" content=\"article\" \/>\n<meta property=\"og:title\" content=\"Accueil - Vents d&#039;Evre - Les \u00e9oliennes du Fief-Sauvin\" \/>\n<meta property=\"og:description\" content=\"Un parc \u00e9olien 100 % citoyen et territoire au Fief-Sauvin, dont la mise en service est pr\u00e9vue en 2025, pour une exploitation jusqu\u2019en 2050. \u00a0 &hellip;\" \/>\n<meta property=\"og:url\" content=\"https:\/\/ventsdevre.fr\/wpclone\/\" \/>\n<meta property=\"og:site_name\" content=\"Vents d&#039;Evre - Les \u00e9oliennes du Fief-Sauvin\" \/>\n<meta property=\"article:modified_time\" content=\"2024-03-23T13:39:11+00:00\" \/>\n<meta property=\"og:image\" content=\"https:\/\/ventsdevre.fr\/wpclone\/wp-content\/uploads\/2023\/12\/EolienneGifA_41454.gif\" \/>\n<meta name=\"twitter:card\" content=\"summary_large_image\" \/>\n<meta name=\"twitter:label1\" content=\"Dur\u00e9e de lecture estim\u00e9e\" \/>\n\t<meta name=\"twitter:data1\" content=\"2 minutes\" \/>\n<script type=\"application\/ld+json\" class=\"yoast-schema-graph\">{\"@context\":\"https:\\\/\\\/schema.org\",\"@graph\":[{\"@type\":\"WebPage\",\"@id\":\"https:\\\/\\\/ventsdevre.fr\\\/wpclone\\\/\",\"url\":\"https:\\\/\\\/ventsdevre.fr\\\/wpclone\\\/\",\"name\":\"Accueil - Vents d&#039;Evre - Les \u00e9oliennes du Fief-Sauvin\",\"isPartOf\":{\"@id\":\"https:\\\/\\\/ventsdevre.fr\\\/wpclone\\\/#website\"},\"primaryImageOfPage\":{\"@id\":\"https:\\\/\\\/ventsdevre.fr\\\/wpclone\\\/#primaryimage\"},\"image\":{\"@id\":\"https:\\\/\\\/ventsdevre.fr\\\/wpclone\\\/#primaryimage\"},\"thumbnailUrl\":\"https:\\\/\\\/ventsdevre.fr\\\/wpclone\\\/wp-content\\\/uploads\\\/2023\\\/12\\\/EolienneGifA_41454.gif\",\"datePublished\":\"2023-11-11T14:02:47+00:00\",\"dateModified\":\"2024-03-23T13:39:11+00:00\",\"breadcrumb\":{\"@id\":\"https:\\\/\\\/ventsdevre.fr\\\/wpclone\\\/#breadcrumb\"},\"inLanguage\":\"fr-FR\",\"potentialAction\":[{\"@type\":\"ReadAction\",\"target\":[\"https:\\\/\\\/ventsdevre.fr\\\/wpclone\\\/\"]}]},{\"@type\":\"ImageObject\",\"inLanguage\":\"fr-FR\",\"@id\":\"https:\\\/\\\/ventsdevre.fr\\\/wpclone\\\/#primaryimage\",\"url\":\"https:\\\/\\\/ventsdevre.fr\\\/wpclone\\\/wp-content\\\/uploads\\\/2023\\\/12\\\/EolienneGifA_41454.gif\",\"contentUrl\":\"https:\\\/\\\/ventsdevre.fr\\\/wpclone\\\/wp-content\\\/uploads\\\/2023\\\/12\\\/EolienneGifA_41454.gif\",\"width\":111,\"height\":256},{\"@type\":\"BreadcrumbList\",\"@id\":\"https:\\\/\\\/ventsdevre.fr\\\/wpclone\\\/#breadcrumb\",\"itemListElement\":[{\"@type\":\"ListItem\",\"position\":1,\"name\":\"Accueil\",\"item\":\"https:\\\/\\\/ventsdevre.fr\\\/wpclone\\\/\"},{\"@type\":\"ListItem\",\"position\":2,\"name\":\"Accueil\"}]},{\"@type\":\"WebSite\",\"@id\":\"https:\\\/\\\/ventsdevre.fr\\\/wpclone\\\/#website\",\"url\":\"https:\\\/\\\/ventsdevre.fr\\\/wpclone\\\/\",\"name\":\"Vents d&#039;Evre - Les \u00e9oliennes du Fief-Sauvin\",\"description\":\"parc \u00e9olien 100 % citoyen et territoire Fief-Sauvin\",\"publisher\":{\"@id\":\"https:\\\/\\\/ventsdevre.fr\\\/wpclone\\\/#organization\"},\"potentialAction\":[{\"@type\":\"SearchAction\",\"target\":{\"@type\":\"EntryPoint\",\"urlTemplate\":\"https:\\\/\\\/ventsdevre.fr\\\/wpclone\\\/?s={search_term_string}\"},\"query-input\":{\"@type\":\"PropertyValueSpecification\",\"valueRequired\":true,\"valueName\":\"search_term_string\"}}],\"inLanguage\":\"fr-FR\"},{\"@type\":\"Organization\",\"@id\":\"https:\\\/\\\/ventsdevre.fr\\\/wpclone\\\/#organization\",\"name\":\"Vents d&#039;Evre - Les \u00e9oliennes du Fief-Sauvin\",\"url\":\"https:\\\/\\\/ventsdevre.fr\\\/wpclone\\\/\",\"logo\":{\"@type\":\"ImageObject\",\"inLanguage\":\"fr-FR\",\"@id\":\"https:\\\/\\\/ventsdevre.fr\\\/wpclone\\\/#\\\/schema\\\/logo\\\/image\\\/\",\"url\":\"https:\\\/\\\/ventsdevre.fr\\\/wpclone\\\/wp-content\\\/uploads\\\/2023\\\/12\\\/logo2.png\",\"contentUrl\":\"https:\\\/\\\/ventsdevre.fr\\\/wpclone\\\/wp-content\\\/uploads\\\/2023\\\/12\\\/logo2.png\",\"width\":272,\"height\":172,\"caption\":\"Vents d&#039;Evre - Les \u00e9oliennes du Fief-Sauvin\"},\"image\":{\"@id\":\"https:\\\/\\\/ventsdevre.fr\\\/wpclone\\\/#\\\/schema\\\/logo\\\/image\\\/\"}}]}<\/script>\n<!-- \/ Yoast SEO plugin. -->","yoast_head_json":{"title":"Accueil - Vents d&#039;Evre - Les \u00e9oliennes du Fief-Sauvin","robots":{"index":"index","follow":"follow","max-snippet":"max-snippet:-1","max-image-preview":"max-image-preview:large","max-video-preview":"max-video-preview:-1"},"canonical":"https:\/\/ventsdevre.fr\/wpclone\/","og_locale":"fr_FR","og_type":"article","og_title":"Accueil - Vents d&#039;Evre - Les \u00e9oliennes du Fief-Sauvin","og_description":"Un parc \u00e9olien 100 % citoyen et territoire au Fief-Sauvin, dont la mise en service est pr\u00e9vue en 2025, pour une exploitation jusqu\u2019en 2050. \u00a0 &hellip;","og_url":"https:\/\/ventsdevre.fr\/wpclone\/","og_site_name":"Vents d&#039;Evre - Les \u00e9oliennes du Fief-Sauvin","article_modified_time":"2024-03-23T13:39:11+00:00","og_image":[{"url":"https:\/\/ventsdevre.fr\/wpclone\/wp-content\/uploads\/2023\/12\/EolienneGifA_41454.gif","type":"","width":"","height":""}],"twitter_card":"summary_large_image","twitter_misc":{"Dur\u00e9e de lecture estim\u00e9e":"2 minutes"},"schema":{"@context":"https:\/\/schema.org","@graph":[{"@type":"WebPage","@id":"https:\/\/ventsdevre.fr\/wpclone\/","url":"https:\/\/ventsdevre.fr\/wpclone\/","name":"Accueil - Vents d&#039;Evre - Les \u00e9oliennes du Fief-Sauvin","isPartOf":{"@id":"https:\/\/ventsdevre.fr\/wpclone\/#website"},"primaryImageOfPage":{"@id":"https:\/\/ventsdevre.fr\/wpclone\/#primaryimage"},"image":{"@id":"https:\/\/ventsdevre.fr\/wpclone\/#primaryimage"},"thumbnailUrl":"https:\/\/ventsdevre.fr\/wpclone\/wp-content\/uploads\/2023\/12\/EolienneGifA_41454.gif","datePublished":"2023-11-11T14:02:47+00:00","dateModified":"2024-03-23T13:39:11+00:00","breadcrumb":{"@id":"https:\/\/ventsdevre.fr\/wpclone\/#breadcrumb"},"inLanguage":"fr-FR","potentialAction":[{"@type":"ReadAction","target":["https:\/\/ventsdevre.fr\/wpclone\/"]}]},{"@type":"ImageObject","inLanguage":"fr-FR","@id":"https:\/\/ventsdevre.fr\/wpclone\/#primaryimage","url":"https:\/\/ventsdevre.fr\/wpclone\/wp-content\/uploads\/2023\/12\/EolienneGifA_41454.gif","contentUrl":"https:\/\/ventsdevre.fr\/wpclone\/wp-content\/uploads\/2023\/12\/EolienneGifA_41454.gif","width":111,"height":256},{"@type":"BreadcrumbList","@id":"https:\/\/ventsdevre.fr\/wpclone\/#breadcrumb","itemListElement":[{"@type":"ListItem","position":1,"name":"Accueil","item":"https:\/\/ventsdevre.fr\/wpclone\/"},{"@type":"ListItem","position":2,"name":"Accueil"}]},{"@type":"WebSite","@id":"https:\/\/ventsdevre.fr\/wpclone\/#website","url":"https:\/\/ventsdevre.fr\/wpclone\/","name":"Vents d&#039;Evre - Les \u00e9oliennes du Fief-Sauvin","description":"parc \u00e9olien 100 % citoyen et territoire Fief-Sauvin","publisher":{"@id":"https:\/\/ventsdevre.fr\/wpclone\/#organization"},"potentialAction":[{"@type":"SearchAction","target":{"@type":"EntryPoint","urlTemplate":"https:\/\/ventsdevre.fr\/wpclone\/?s={search_term_string}"},"query-input":{"@type":"PropertyValueSpecification","valueRequired":true,"valueName":"search_term_string"}}],"inLanguage":"fr-FR"},{"@type":"Organization","@id":"https:\/\/ventsdevre.fr\/wpclone\/#organization","name":"Vents d&#039;Evre - Les \u00e9oliennes du Fief-Sauvin","url":"https:\/\/ventsdevre.fr\/wpclone\/","logo":{"@type":"ImageObject","inLanguage":"fr-FR","@id":"https:\/\/ventsdevre.fr\/wpclone\/#\/schema\/logo\/image\/","url":"https:\/\/ventsdevre.fr\/wpclone\/wp-content\/uploads\/2023\/12\/logo2.png","contentUrl":"https:\/\/ventsdevre.fr\/wpclone\/wp-content\/uploads\/2023\/12\/logo2.png","width":272,"height":172,"caption":"Vents d&#039;Evre - Les \u00e9oliennes du Fief-Sauvin"},"image":{"@id":"https:\/\/ventsdevre.fr\/wpclone\/#\/schema\/logo\/image\/"}}]}},"_links":{"self":[{"href":"https:\/\/ventsdevre.fr\/wpclone\/wp-json\/wp\/v2\/pages\/25","targetHints":{"allow":["GET"]}}],"collection":[{"href":"https:\/\/ventsdevre.fr\/wpclone\/wp-json\/wp\/v2\/pages"}],"about":[{"href":"https:\/\/ventsdevre.fr\/wpclone\/wp-json\/wp\/v2\/types\/page"}],"author":[{"embeddable":true,"href":"https:\/\/ventsdevre.fr\/wpclone\/wp-json\/wp\/v2\/users\/1"}],"replies":[{"embeddable":true,"href":"https:\/\/ventsdevre.fr\/wpclone\/wp-json\/wp\/v2\/comments?post=25"}],"version-history":[{"count":76,"href":"https:\/\/ventsdevre.fr\/wpclone\/wp-json\/wp\/v2\/pages\/25\/revisions"}],"predecessor-version":[{"id":612,"href":"https:\/\/ventsdevre.fr\/wpclone\/wp-json\/wp\/v2\/pages\/25\/revisions\/612"}],"wp:attachment":[{"href":"https:\/\/ventsdevre.fr\/wpclone\/wp-json\/wp\/v2\/media?parent=25"}],"curies":[{"name":"wp","href":"https:\/\/api.w.org\/{rel}","templated":true}]}}