{"id":674,"date":"2024-01-01T21:34:40","date_gmt":"2024-01-01T20:34:40","guid":{"rendered":"https:\/\/ventsdevre.fr\/WP\/?page_id=674"},"modified":"2024-01-01T21:34:41","modified_gmt":"2024-01-01T20:34:41","slug":"albums-photos-videos","status":"publish","type":"page","link":"https:\/\/ventsdevre.fr\/WP\/albums-photos-videos\/","title":{"rendered":"Albums photos vid\u00e9os"},"content":{"rendered":"<div class=\"pt-cv-wrapper\"><div class=\"pt-cv-view pt-cv-grid pt-cv-colsys\" id=\"pt-cv-view-a76f856urn\"><div data-id=\"pt-cv-page-1\" class=\"pt-cv-page\" data-cvc=\"4\"><div class=\"col-md-3 col-sm-12 col-xs-12 pt-cv-content-item pt-cv-1-col\" ><div class='pt-cv-ifield'><a href=\"https:\/\/ventsdevre.fr\/WP\/2026\/04\/27\/25-avril-2026-inauguration-du-parc-eolien\/\" class=\"_self pt-cv-href-thumbnail pt-cv-thumb-default\" target=\"_self\" ><img loading=\"lazy\" decoding=\"async\" width=\"768\" height=\"267\" src=\"https:\/\/ventsdevre.fr\/WP\/wp-content\/uploads\/2026\/04\/TousHola-768x267.png\" class=\"pt-cv-thumbnail\" alt=\"\" srcset=\"https:\/\/ventsdevre.fr\/WP\/wp-content\/uploads\/2026\/04\/TousHola-768x267.png 768w, https:\/\/ventsdevre.fr\/WP\/wp-content\/uploads\/2026\/04\/TousHola-300x104.png 300w, https:\/\/ventsdevre.fr\/WP\/wp-content\/uploads\/2026\/04\/TousHola-1024x356.png 1024w, https:\/\/ventsdevre.fr\/WP\/wp-content\/uploads\/2026\/04\/TousHola-1536x533.png 1536w, https:\/\/ventsdevre.fr\/WP\/wp-content\/uploads\/2026\/04\/TousHola.png 1843w\" sizes=\"auto, (max-width: 768px) 100vw, 768px\" \/><\/a>\n<h4 class=\"pt-cv-title\"><a href=\"https:\/\/ventsdevre.fr\/WP\/2026\/04\/27\/25-avril-2026-inauguration-du-parc-eolien\/\" class=\"_self\" target=\"_self\" >25 avril 2026 : inauguration du parc \u00e9olien !<\/a><\/h4>\n<div class=\"pt-cv-content\">Une belle journ\u00e9e d'inauguration : merci \u00e0 tous, qui par votre pr\u00e9sence et\/ou votre aide b\u00e9n\u00e9vole, avez contribu\u00e9 \u00e0 la ...<br \/><div class=\"pt-cv-rmwrap\"><a href=\"https:\/\/ventsdevre.fr\/WP\/2026\/04\/27\/25-avril-2026-inauguration-du-parc-eolien\/\" class=\"_self pt-cv-readmore btn btn-success\" target=\"_self\">Lire La Suite\u2026<\/a><\/div><\/div><\/div><\/div>\n<div class=\"col-md-3 col-sm-12 col-xs-12 pt-cv-content-item pt-cv-1-col\" ><div class='pt-cv-ifield'><a href=\"https:\/\/ventsdevre.fr\/WP\/2026\/04\/17\/les-pompiers-du-grimp-en-manoeuvre-sur-nos-eoliennes-2\/\" class=\"_self pt-cv-href-thumbnail pt-cv-thumb-default\" target=\"_self\" ><\/a>\n<h4 class=\"pt-cv-title\"><a href=\"https:\/\/ventsdevre.fr\/WP\/2026\/04\/17\/les-pompiers-du-grimp-en-manoeuvre-sur-nos-eoliennes-2\/\" class=\"_self\" target=\"_self\" >Les pompiers du GRIMP en man\u0153uvre sur nos \u00e9oliennes<\/a><\/h4>\n<div class=\"pt-cv-content\"> ...<br \/><div class=\"pt-cv-rmwrap\"><a href=\"https:\/\/ventsdevre.fr\/WP\/2026\/04\/17\/les-pompiers-du-grimp-en-manoeuvre-sur-nos-eoliennes-2\/\" class=\"_self pt-cv-readmore btn btn-success\" target=\"_self\">Lire La Suite\u2026<\/a><\/div><\/div><\/div><\/div>\n<div class=\"col-md-3 col-sm-12 col-xs-12 pt-cv-content-item pt-cv-1-col\" ><div class='pt-cv-ifield'><a href=\"https:\/\/ventsdevre.fr\/WP\/2025\/12\/18\/assemblee-generale-de-la-sas-eoliennes-du-fief-sauvin\/\" class=\"_self pt-cv-href-thumbnail pt-cv-thumb-default\" target=\"_self\" ><img loading=\"lazy\" decoding=\"async\" width=\"768\" height=\"1024\" src=\"https:\/\/ventsdevre.fr\/WP\/wp-content\/uploads\/2025\/12\/IMG-20251216-WA0001-768x1024.jpg\" class=\"pt-cv-thumbnail\" alt=\"\" srcset=\"https:\/\/ventsdevre.fr\/WP\/wp-content\/uploads\/2025\/12\/IMG-20251216-WA0001-768x1024.jpg 768w, https:\/\/ventsdevre.fr\/WP\/wp-content\/uploads\/2025\/12\/IMG-20251216-WA0001-225x300.jpg 225w, https:\/\/ventsdevre.fr\/WP\/wp-content\/uploads\/2025\/12\/IMG-20251216-WA0001-1152x1536.jpg 1152w, https:\/\/ventsdevre.fr\/WP\/wp-content\/uploads\/2025\/12\/IMG-20251216-WA0001.jpg 1200w\" sizes=\"auto, (max-width: 768px) 100vw, 768px\" \/><\/a>\n<h4 class=\"pt-cv-title\"><a href=\"https:\/\/ventsdevre.fr\/WP\/2025\/12\/18\/assemblee-generale-de-la-sas-eoliennes-du-fief-sauvin\/\" class=\"_self\" target=\"_self\" >Assembl\u00e9e G\u00e9n\u00e9rale de la SAS Eoliennes du Fief-Sauvin<\/a><\/h4>\n<div class=\"pt-cv-content\">L'AG de la soci\u00e9t\u00e9 citoyenne SAS Eoliennes du Fief-Sauvin s'est tenue le vendredi 5 d\u00e9cembre 2025 \u00e0 la MCL de ...<br \/><div class=\"pt-cv-rmwrap\"><a href=\"https:\/\/ventsdevre.fr\/WP\/2025\/12\/18\/assemblee-generale-de-la-sas-eoliennes-du-fief-sauvin\/\" class=\"_self pt-cv-readmore btn btn-success\" target=\"_self\">Lire La Suite\u2026<\/a><\/div><\/div><\/div><\/div>\n<div class=\"col-md-3 col-sm-12 col-xs-12 pt-cv-content-item pt-cv-1-col\" ><div class='pt-cv-ifield'><a href=\"https:\/\/ventsdevre.fr\/WP\/2025\/09\/23\/celebrationpremierstoursdepale\/\" class=\"_self pt-cv-href-thumbnail pt-cv-thumb-default\" target=\"_self\" ><img loading=\"lazy\" decoding=\"async\" width=\"768\" height=\"432\" src=\"https:\/\/ventsdevre.fr\/WP\/wp-content\/uploads\/2025\/09\/Pa11-768x432.jpeg\" class=\"pt-cv-thumbnail\" alt=\"\" srcset=\"https:\/\/ventsdevre.fr\/WP\/wp-content\/uploads\/2025\/09\/Pa11-768x432.jpeg 768w, https:\/\/ventsdevre.fr\/WP\/wp-content\/uploads\/2025\/09\/Pa11-300x169.jpeg 300w, https:\/\/ventsdevre.fr\/WP\/wp-content\/uploads\/2025\/09\/Pa11-1024x576.jpeg 1024w, https:\/\/ventsdevre.fr\/WP\/wp-content\/uploads\/2025\/09\/Pa11-1536x864.jpeg 1536w, https:\/\/ventsdevre.fr\/WP\/wp-content\/uploads\/2025\/09\/Pa11.jpeg 1600w\" sizes=\"auto, (max-width: 768px) 100vw, 768px\" \/><\/a>\n<h4 class=\"pt-cv-title\"><a href=\"https:\/\/ventsdevre.fr\/WP\/2025\/09\/23\/celebrationpremierstoursdepale\/\" class=\"_self\" target=\"_self\" >Premiers tours de pales&#8230;<\/a><\/h4>\n<div class=\"pt-cv-content\">Des photos et des vid\u00e9os ! ...<br \/><div class=\"pt-cv-rmwrap\"><a href=\"https:\/\/ventsdevre.fr\/WP\/2025\/09\/23\/celebrationpremierstoursdepale\/\" class=\"_self pt-cv-readmore btn btn-success\" target=\"_self\">Lire La Suite\u2026<\/a><\/div><\/div><\/div><\/div>\n<div class=\"col-md-3 col-sm-12 col-xs-12 pt-cv-content-item pt-cv-1-col\" ><div class='pt-cv-ifield'><a href=\"https:\/\/ventsdevre.fr\/WP\/2025\/05\/22\/montee-nacelle\/\" class=\"_self pt-cv-href-thumbnail pt-cv-thumb-default\" target=\"_self\" ><img loading=\"lazy\" decoding=\"async\" width=\"768\" height=\"576\" src=\"https:\/\/ventsdevre.fr\/WP\/wp-content\/uploads\/2025\/05\/20250514_165840-768x576.jpg\" class=\"pt-cv-thumbnail\" alt=\"\" srcset=\"https:\/\/ventsdevre.fr\/WP\/wp-content\/uploads\/2025\/05\/20250514_165840-768x576.jpg 768w, https:\/\/ventsdevre.fr\/WP\/wp-content\/uploads\/2025\/05\/20250514_165840-300x225.jpg 300w, https:\/\/ventsdevre.fr\/WP\/wp-content\/uploads\/2025\/05\/20250514_165840-1024x768.jpg 1024w, https:\/\/ventsdevre.fr\/WP\/wp-content\/uploads\/2025\/05\/20250514_165840-1536x1152.jpg 1536w, https:\/\/ventsdevre.fr\/WP\/wp-content\/uploads\/2025\/05\/20250514_165840.jpg 1920w\" sizes=\"auto, (max-width: 768px) 100vw, 768px\" \/><\/a>\n<h4 class=\"pt-cv-title\"><a href=\"https:\/\/ventsdevre.fr\/WP\/2025\/05\/22\/montee-nacelle\/\" class=\"_self\" target=\"_self\" >Mont\u00e9e nacelle<\/a><\/h4>\n<div class=\"pt-cv-content\"> ...<br \/><div class=\"pt-cv-rmwrap\"><a href=\"https:\/\/ventsdevre.fr\/WP\/2025\/05\/22\/montee-nacelle\/\" class=\"_self pt-cv-readmore btn btn-success\" target=\"_self\">Lire La Suite\u2026<\/a><\/div><\/div><\/div><\/div>\n<div class=\"col-md-3 col-sm-12 col-xs-12 pt-cv-content-item pt-cv-1-col\" ><div class='pt-cv-ifield'><a href=\"https:\/\/ventsdevre.fr\/WP\/2025\/05\/22\/1383\/\" class=\"_self pt-cv-href-thumbnail pt-cv-thumb-default\" target=\"_self\" ><img loading=\"lazy\" decoding=\"async\" width=\"768\" height=\"576\" src=\"https:\/\/ventsdevre.fr\/WP\/wp-content\/uploads\/2025\/05\/20250514_160210-768x576.jpg\" class=\"pt-cv-thumbnail\" alt=\"\" srcset=\"https:\/\/ventsdevre.fr\/WP\/wp-content\/uploads\/2025\/05\/20250514_160210-768x576.jpg 768w, https:\/\/ventsdevre.fr\/WP\/wp-content\/uploads\/2025\/05\/20250514_160210-300x225.jpg 300w, https:\/\/ventsdevre.fr\/WP\/wp-content\/uploads\/2025\/05\/20250514_160210-1024x768.jpg 1024w, https:\/\/ventsdevre.fr\/WP\/wp-content\/uploads\/2025\/05\/20250514_160210-1536x1152.jpg 1536w, https:\/\/ventsdevre.fr\/WP\/wp-content\/uploads\/2025\/05\/20250514_160210.jpg 1920w\" sizes=\"auto, (max-width: 768px) 100vw, 768px\" \/><\/a>\n<h4 class=\"pt-cv-title\"><a href=\"https:\/\/ventsdevre.fr\/WP\/2025\/05\/22\/1383\/\" class=\"_self\" target=\"_self\" >Journ\u00e9es de visite pour les actionnaires<\/a><\/h4>\n<div class=\"pt-cv-content\"> ...<br \/><div class=\"pt-cv-rmwrap\"><a href=\"https:\/\/ventsdevre.fr\/WP\/2025\/05\/22\/1383\/\" class=\"_self pt-cv-readmore btn btn-success\" target=\"_self\">Lire La Suite\u2026<\/a><\/div><\/div><\/div><\/div>\n<div class=\"col-md-3 col-sm-12 col-xs-12 pt-cv-content-item pt-cv-1-col\" ><div class='pt-cv-ifield'><a href=\"https:\/\/ventsdevre.fr\/WP\/2025\/05\/22\/les-scolaires-du-fief-sauvin-en-visite-au-parc-eolien\/\" class=\"_self pt-cv-href-thumbnail pt-cv-thumb-default\" target=\"_self\" ><img loading=\"lazy\" decoding=\"async\" width=\"768\" height=\"1024\" src=\"https:\/\/ventsdevre.fr\/WP\/wp-content\/uploads\/2025\/05\/1000000750-768x1024.jpg\" class=\"pt-cv-thumbnail\" alt=\"\" srcset=\"https:\/\/ventsdevre.fr\/WP\/wp-content\/uploads\/2025\/05\/1000000750-768x1024.jpg 768w, https:\/\/ventsdevre.fr\/WP\/wp-content\/uploads\/2025\/05\/1000000750-225x300.jpg 225w, https:\/\/ventsdevre.fr\/WP\/wp-content\/uploads\/2025\/05\/1000000750-1152x1536.jpg 1152w, https:\/\/ventsdevre.fr\/WP\/wp-content\/uploads\/2025\/05\/1000000750.jpg 1200w\" sizes=\"auto, (max-width: 768px) 100vw, 768px\" \/><\/a>\n<h4 class=\"pt-cv-title\"><a href=\"https:\/\/ventsdevre.fr\/WP\/2025\/05\/22\/les-scolaires-du-fief-sauvin-en-visite-au-parc-eolien\/\" class=\"_self\" target=\"_self\" >Les scolaires du Fief-Sauvin en visite au Parc \u00e9olien<\/a><\/h4>\n<div class=\"pt-cv-content\"> ...<br \/><div class=\"pt-cv-rmwrap\"><a href=\"https:\/\/ventsdevre.fr\/WP\/2025\/05\/22\/les-scolaires-du-fief-sauvin-en-visite-au-parc-eolien\/\" class=\"_self pt-cv-readmore btn btn-success\" target=\"_self\">Lire La Suite\u2026<\/a><\/div><\/div><\/div><\/div>\n<div class=\"col-md-3 col-sm-12 col-xs-12 pt-cv-content-item pt-cv-1-col\" ><div class='pt-cv-ifield'><a href=\"https:\/\/ventsdevre.fr\/WP\/2025\/04\/11\/photos-convois\/\" class=\"_self pt-cv-href-thumbnail pt-cv-thumb-default\" target=\"_self\" ><img loading=\"lazy\" decoding=\"async\" width=\"768\" height=\"346\" src=\"https:\/\/ventsdevre.fr\/WP\/wp-content\/uploads\/2025\/04\/IMG-20250409-WA0016-768x346.jpg\" class=\"pt-cv-thumbnail\" alt=\"\" srcset=\"https:\/\/ventsdevre.fr\/WP\/wp-content\/uploads\/2025\/04\/IMG-20250409-WA0016-768x346.jpg 768w, https:\/\/ventsdevre.fr\/WP\/wp-content\/uploads\/2025\/04\/IMG-20250409-WA0016-300x135.jpg 300w, https:\/\/ventsdevre.fr\/WP\/wp-content\/uploads\/2025\/04\/IMG-20250409-WA0016-1024x461.jpg 1024w, https:\/\/ventsdevre.fr\/WP\/wp-content\/uploads\/2025\/04\/IMG-20250409-WA0016-1536x691.jpg 1536w, https:\/\/ventsdevre.fr\/WP\/wp-content\/uploads\/2025\/04\/IMG-20250409-WA0016.jpg 1600w\" sizes=\"auto, (max-width: 768px) 100vw, 768px\" \/><\/a>\n<h4 class=\"pt-cv-title\"><a href=\"https:\/\/ventsdevre.fr\/WP\/2025\/04\/11\/photos-convois\/\" class=\"_self\" target=\"_self\" >Photos convois et d\u00e9chargement<\/a><\/h4>\n<div class=\"pt-cv-content\">\u00a0 ...<br \/><div class=\"pt-cv-rmwrap\"><a href=\"https:\/\/ventsdevre.fr\/WP\/2025\/04\/11\/photos-convois\/\" class=\"_self pt-cv-readmore btn btn-success\" target=\"_self\">Lire La Suite\u2026<\/a><\/div><\/div><\/div><\/div>\n<div class=\"col-md-3 col-sm-12 col-xs-12 pt-cv-content-item pt-cv-1-col\" ><div class='pt-cv-ifield'><a href=\"https:\/\/ventsdevre.fr\/WP\/2025\/04\/09\/4-eoliennes-28-convois\/\" class=\"_self pt-cv-href-thumbnail pt-cv-thumb-default\" target=\"_self\" ><img loading=\"lazy\" decoding=\"async\" width=\"768\" height=\"577\" src=\"https:\/\/ventsdevre.fr\/WP\/wp-content\/uploads\/2025\/04\/Pales1-768x577.png\" class=\"pt-cv-thumbnail\" alt=\"\" srcset=\"https:\/\/ventsdevre.fr\/WP\/wp-content\/uploads\/2025\/04\/Pales1-768x577.png 768w, https:\/\/ventsdevre.fr\/WP\/wp-content\/uploads\/2025\/04\/Pales1-300x225.png 300w, https:\/\/ventsdevre.fr\/WP\/wp-content\/uploads\/2025\/04\/Pales1.png 800w\" sizes=\"auto, (max-width: 768px) 100vw, 768px\" \/><\/a>\n<h4 class=\"pt-cv-title\"><a href=\"https:\/\/ventsdevre.fr\/WP\/2025\/04\/09\/4-eoliennes-28-convois\/\" class=\"_self\" target=\"_self\" >4 \u00e9oliennes = 28 convois&#8230;<\/a><\/h4>\n<div class=\"pt-cv-content\">Mardi 8 avril 2025, 23h30, travers\u00e9e de Villedieu. De nombreux th\u00e9opolitains \u00e9taient encore debout pour suivre ces 3 convois... Au ...<br \/><div class=\"pt-cv-rmwrap\"><a href=\"https:\/\/ventsdevre.fr\/WP\/2025\/04\/09\/4-eoliennes-28-convois\/\" class=\"_self pt-cv-readmore btn btn-success\" target=\"_self\">Lire La Suite\u2026<\/a><\/div><\/div><\/div><\/div>\n<div class=\"col-md-3 col-sm-12 col-xs-12 pt-cv-content-item pt-cv-1-col\" ><div class='pt-cv-ifield'><a href=\"https:\/\/ventsdevre.fr\/WP\/2025\/04\/03\/le-parc-eolien-presente-aux-ecoliers-du-fief-sauvin\/\" class=\"_self pt-cv-href-thumbnail pt-cv-thumb-default\" target=\"_self\" ><img loading=\"lazy\" decoding=\"async\" width=\"768\" height=\"432\" src=\"https:\/\/ventsdevre.fr\/WP\/wp-content\/uploads\/2025\/04\/20250325_154421-768x432.jpg\" class=\"pt-cv-thumbnail\" alt=\"\" srcset=\"https:\/\/ventsdevre.fr\/WP\/wp-content\/uploads\/2025\/04\/20250325_154421-768x432.jpg 768w, https:\/\/ventsdevre.fr\/WP\/wp-content\/uploads\/2025\/04\/20250325_154421-300x169.jpg 300w, https:\/\/ventsdevre.fr\/WP\/wp-content\/uploads\/2025\/04\/20250325_154421-1024x576.jpg 1024w, https:\/\/ventsdevre.fr\/WP\/wp-content\/uploads\/2025\/04\/20250325_154421-1536x864.jpg 1536w, https:\/\/ventsdevre.fr\/WP\/wp-content\/uploads\/2025\/04\/20250325_154421.jpg 1920w\" sizes=\"auto, (max-width: 768px) 100vw, 768px\" \/><\/a>\n<h4 class=\"pt-cv-title\"><a href=\"https:\/\/ventsdevre.fr\/WP\/2025\/04\/03\/le-parc-eolien-presente-aux-ecoliers-du-fief-sauvin\/\" class=\"_self\" target=\"_self\" >Le Parc Eolien pr\u00e9sent\u00e9 aux \u00e9coliers du Fief-Sauvin<\/a><\/h4>\n<div class=\"pt-cv-content\"> ...<br \/><div class=\"pt-cv-rmwrap\"><a href=\"https:\/\/ventsdevre.fr\/WP\/2025\/04\/03\/le-parc-eolien-presente-aux-ecoliers-du-fief-sauvin\/\" class=\"_self pt-cv-readmore btn btn-success\" target=\"_self\">Lire La Suite\u2026<\/a><\/div><\/div><\/div><\/div><\/div><\/div><\/div>\n","protected":false},"excerpt":{"rendered":"","protected":false},"author":1,"featured_media":0,"parent":0,"menu_order":0,"comment_status":"closed","ping_status":"closed","template":"","meta":{"cybocfi_hide_featured_image":"","footnotes":""},"class_list":["post-674","page","type-page","status-publish","hentry"],"_links":{"self":[{"href":"https:\/\/ventsdevre.fr\/WP\/wp-json\/wp\/v2\/pages\/674","targetHints":{"allow":["GET"]}}],"collection":[{"href":"https:\/\/ventsdevre.fr\/WP\/wp-json\/wp\/v2\/pages"}],"about":[{"href":"https:\/\/ventsdevre.fr\/WP\/wp-json\/wp\/v2\/types\/page"}],"author":[{"embeddable":true,"href":"https:\/\/ventsdevre.fr\/WP\/wp-json\/wp\/v2\/users\/1"}],"replies":[{"embeddable":true,"href":"https:\/\/ventsdevre.fr\/WP\/wp-json\/wp\/v2\/comments?post=674"}],"version-history":[{"count":1,"href":"https:\/\/ventsdevre.fr\/WP\/wp-json\/wp\/v2\/pages\/674\/revisions"}],"predecessor-version":[{"id":675,"href":"https:\/\/ventsdevre.fr\/WP\/wp-json\/wp\/v2\/pages\/674\/revisions\/675"}],"wp:attachment":[{"href":"https:\/\/ventsdevre.fr\/WP\/wp-json\/wp\/v2\/media?parent=674"}],"curies":[{"name":"wp","href":"https:\/\/api.w.org\/{rel}","templated":true}]}}