{"id":620,"date":"2023-12-23T17:06:27","date_gmt":"2023-12-23T16:06:27","guid":{"rendered":"https:\/\/ventsdevre.fr\/WP\/?page_id=620"},"modified":"2023-12-23T17:10:38","modified_gmt":"2023-12-23T16:10:38","slug":"fil-dactualites","status":"publish","type":"page","link":"https:\/\/ventsdevre.fr\/WP\/fil-dactualites\/","title":{"rendered":"Fil d&rsquo;actualit\u00e9s"},"content":{"rendered":"<div class=\"pt-cv-wrapper\"><div class=\"pt-cv-view pt-cv-blockgrid iscvblock iscvhybrid grid1 layout1\" id=\"pt-cv-view-a575bb1qaw\"><div data-id=\"pt-cv-page-1\" class=\"pt-cv-page\" data-cvc=\"4\"><div class=\" pt-cv-content-item pt-cv-1-col\" ><div class=\"pt-cv-thumb-wrapper  \"><a href=\"https:\/\/ventsdevre.fr\/WP\/2026\/04\/27\/25-avril-2026-inauguration-du-parc-eolien\/\" class=\"_self pt-cv-href-thumbnail pt-cv-thumb-default\" target=\"_self\" ><img loading=\"lazy\" decoding=\"async\" width=\"768\" height=\"267\" src=\"https:\/\/ventsdevre.fr\/WP\/wp-content\/uploads\/2026\/04\/TousHola-768x267.png\" class=\"pt-cv-thumbnail\" alt=\"\" srcset=\"https:\/\/ventsdevre.fr\/WP\/wp-content\/uploads\/2026\/04\/TousHola-768x267.png 768w, https:\/\/ventsdevre.fr\/WP\/wp-content\/uploads\/2026\/04\/TousHola-300x104.png 300w, https:\/\/ventsdevre.fr\/WP\/wp-content\/uploads\/2026\/04\/TousHola-1024x356.png 1024w, https:\/\/ventsdevre.fr\/WP\/wp-content\/uploads\/2026\/04\/TousHola-1536x533.png 1536w, https:\/\/ventsdevre.fr\/WP\/wp-content\/uploads\/2026\/04\/TousHola.png 1843w\" sizes=\"auto, (max-width: 768px) 100vw, 768px\" \/><\/a><\/div>\n<h4 class=\"pt-cv-title\"><a href=\"https:\/\/ventsdevre.fr\/WP\/2026\/04\/27\/25-avril-2026-inauguration-du-parc-eolien\/\" class=\"_self\" target=\"_self\" >25 avril 2026 : inauguration du parc \u00e9olien !<\/a><\/h4>\n<div class=\"pt-cv-content\">Une belle journ\u00e9e d'inauguration : merci \u00e0 tous, qui par votre pr\u00e9sence et\/ou votre aide b\u00e9n\u00e9vole, avez contribu\u00e9 \u00e0 la ...<br \/><div class=\"pt-cv-rmwrap\"><a href=\"https:\/\/ventsdevre.fr\/WP\/2026\/04\/27\/25-avril-2026-inauguration-du-parc-eolien\/\" class=\"_self pt-cv-readmore btn btn-success\" target=\"_self\">Lire La Suite\u2026<\/a><\/div><\/div><\/div>\n<div class=\" pt-cv-content-item pt-cv-1-col\" ><div class=\"pt-cv-thumb-wrapper  \"><a href=\"https:\/\/ventsdevre.fr\/WP\/2026\/04\/22\/derniere-reunion-avant-linauguration\/\" class=\"_self pt-cv-href-thumbnail pt-cv-thumb-default\" target=\"_self\" ><img loading=\"lazy\" decoding=\"async\" width=\"768\" height=\"576\" src=\"https:\/\/ventsdevre.fr\/WP\/wp-content\/uploads\/2026\/04\/ReuPrepa-768x576.jpg\" class=\"pt-cv-thumbnail\" alt=\"\" srcset=\"https:\/\/ventsdevre.fr\/WP\/wp-content\/uploads\/2026\/04\/ReuPrepa-768x576.jpg 768w, https:\/\/ventsdevre.fr\/WP\/wp-content\/uploads\/2026\/04\/ReuPrepa-300x225.jpg 300w, https:\/\/ventsdevre.fr\/WP\/wp-content\/uploads\/2026\/04\/ReuPrepa-1024x768.jpg 1024w, https:\/\/ventsdevre.fr\/WP\/wp-content\/uploads\/2026\/04\/ReuPrepa-1536x1152.jpg 1536w, https:\/\/ventsdevre.fr\/WP\/wp-content\/uploads\/2026\/04\/ReuPrepa.jpg 1920w\" sizes=\"auto, (max-width: 768px) 100vw, 768px\" \/><\/a><\/div>\n<h4 class=\"pt-cv-title\"><a href=\"https:\/\/ventsdevre.fr\/WP\/2026\/04\/22\/derniere-reunion-avant-linauguration\/\" class=\"_self\" target=\"_self\" >Derni\u00e8re  r\u00e9union avant l&rsquo;inauguration !<\/a><\/h4>\n<div class=\"pt-cv-content\">Plusieurs centaines de personnes ont r\u00e9pondu \u00e0 l'invitation de Vents d'Evre et participeront \u00e0 l'inauguration du parc \u00e9olien samedi prochain ...<br \/><div class=\"pt-cv-rmwrap\"><a href=\"https:\/\/ventsdevre.fr\/WP\/2026\/04\/22\/derniere-reunion-avant-linauguration\/\" class=\"_self pt-cv-readmore btn btn-success\" target=\"_self\">Lire La Suite\u2026<\/a><\/div><\/div><\/div>\n<div class=\" pt-cv-content-item pt-cv-1-col\" ><div class=\"pt-cv-thumb-wrapper  \"><a href=\"https:\/\/ventsdevre.fr\/WP\/2026\/04\/14\/les-pompiers-du-grimp-en-manoeuvre-sur-nos-eoliennes\/\" class=\"_self pt-cv-href-thumbnail pt-cv-thumb-default\" target=\"_self\" ><img loading=\"lazy\" decoding=\"async\" width=\"768\" height=\"576\" src=\"https:\/\/ventsdevre.fr\/WP\/wp-content\/uploads\/2026\/04\/20260409_121528-768x576.jpg\" class=\"pt-cv-thumbnail\" alt=\"\" srcset=\"https:\/\/ventsdevre.fr\/WP\/wp-content\/uploads\/2026\/04\/20260409_121528-768x576.jpg 768w, https:\/\/ventsdevre.fr\/WP\/wp-content\/uploads\/2026\/04\/20260409_121528-300x225.jpg 300w, https:\/\/ventsdevre.fr\/WP\/wp-content\/uploads\/2026\/04\/20260409_121528-1024x768.jpg 1024w, https:\/\/ventsdevre.fr\/WP\/wp-content\/uploads\/2026\/04\/20260409_121528-1536x1152.jpg 1536w, https:\/\/ventsdevre.fr\/WP\/wp-content\/uploads\/2026\/04\/20260409_121528.jpg 1920w\" sizes=\"auto, (max-width: 768px) 100vw, 768px\" \/><\/a><\/div>\n<h4 class=\"pt-cv-title\"><a href=\"https:\/\/ventsdevre.fr\/WP\/2026\/04\/14\/les-pompiers-du-grimp-en-manoeuvre-sur-nos-eoliennes\/\" class=\"_self\" target=\"_self\" >Les pompiers du GRIMP en man\u0153uvre sur nos \u00e9oliennes !<\/a><\/h4>\n<div class=\"pt-cv-content\">Jeudi 9 avril, une dizaine de pompiers angevins du GRIMP (Groupe de Reconnaissance et d\u2019Intervention en Milieu P\u00e9rilleux) \u00e9tait en ...<br \/><div class=\"pt-cv-rmwrap\"><a href=\"https:\/\/ventsdevre.fr\/WP\/2026\/04\/14\/les-pompiers-du-grimp-en-manoeuvre-sur-nos-eoliennes\/\" class=\"_self pt-cv-readmore btn btn-success\" target=\"_self\">Lire La Suite\u2026<\/a><\/div><\/div><\/div>\n<div class=\" pt-cv-content-item pt-cv-1-col\" ><div class=\"pt-cv-thumb-wrapper  \"><a href=\"https:\/\/ventsdevre.fr\/WP\/2026\/01\/13\/en-classe-au-fief-sauvin-a-la-decouverte-des-energies-avec-le-cpie\/\" class=\"_self pt-cv-href-thumbnail pt-cv-thumb-default\" target=\"_self\" ><img loading=\"lazy\" decoding=\"async\" width=\"768\" height=\"576\" src=\"https:\/\/ventsdevre.fr\/WP\/wp-content\/uploads\/2026\/01\/20260108_110229-768x576.jpg\" class=\"pt-cv-thumbnail\" alt=\"\" srcset=\"https:\/\/ventsdevre.fr\/WP\/wp-content\/uploads\/2026\/01\/20260108_110229-768x576.jpg 768w, https:\/\/ventsdevre.fr\/WP\/wp-content\/uploads\/2026\/01\/20260108_110229-300x225.jpg 300w, https:\/\/ventsdevre.fr\/WP\/wp-content\/uploads\/2026\/01\/20260108_110229-1024x768.jpg 1024w, https:\/\/ventsdevre.fr\/WP\/wp-content\/uploads\/2026\/01\/20260108_110229-1536x1152.jpg 1536w, https:\/\/ventsdevre.fr\/WP\/wp-content\/uploads\/2026\/01\/20260108_110229.jpg 1920w\" sizes=\"auto, (max-width: 768px) 100vw, 768px\" \/><\/a><\/div>\n<h4 class=\"pt-cv-title\"><a href=\"https:\/\/ventsdevre.fr\/WP\/2026\/01\/13\/en-classe-au-fief-sauvin-a-la-decouverte-des-energies-avec-le-cpie\/\" class=\"_self\" target=\"_self\" >En classe au Fief-Sauvin, \u00e0 la d\u00e9couverte des \u00e9nergies avec le CPIE<\/a><\/h4>\n<div class=\"pt-cv-content\">Le parc \u00e9olien citoyen du Fief-Sauvin a propos\u00e9 une troisi\u00e8me s\u00e9ance d\u2019animation pour les classes de CM1 et CM2 de ...<br \/><div class=\"pt-cv-rmwrap\"><a href=\"https:\/\/ventsdevre.fr\/WP\/2026\/01\/13\/en-classe-au-fief-sauvin-a-la-decouverte-des-energies-avec-le-cpie\/\" class=\"_self pt-cv-readmore btn btn-success\" target=\"_self\">Lire La Suite\u2026<\/a><\/div><\/div><\/div>\n<div class=\" pt-cv-content-item pt-cv-1-col\" ><div class=\"pt-cv-thumb-wrapper  \"><a href=\"https:\/\/ventsdevre.fr\/WP\/2025\/12\/18\/assemblee-generale-de-la-sas-eoliennes-du-fief-sauvin\/\" class=\"_self pt-cv-href-thumbnail pt-cv-thumb-default\" target=\"_self\" ><img loading=\"lazy\" decoding=\"async\" width=\"768\" height=\"1024\" src=\"https:\/\/ventsdevre.fr\/WP\/wp-content\/uploads\/2025\/12\/IMG-20251216-WA0001-768x1024.jpg\" class=\"pt-cv-thumbnail\" alt=\"\" srcset=\"https:\/\/ventsdevre.fr\/WP\/wp-content\/uploads\/2025\/12\/IMG-20251216-WA0001-768x1024.jpg 768w, https:\/\/ventsdevre.fr\/WP\/wp-content\/uploads\/2025\/12\/IMG-20251216-WA0001-225x300.jpg 225w, https:\/\/ventsdevre.fr\/WP\/wp-content\/uploads\/2025\/12\/IMG-20251216-WA0001-1152x1536.jpg 1152w, https:\/\/ventsdevre.fr\/WP\/wp-content\/uploads\/2025\/12\/IMG-20251216-WA0001.jpg 1200w\" sizes=\"auto, (max-width: 768px) 100vw, 768px\" \/><\/a><\/div>\n<h4 class=\"pt-cv-title\"><a href=\"https:\/\/ventsdevre.fr\/WP\/2025\/12\/18\/assemblee-generale-de-la-sas-eoliennes-du-fief-sauvin\/\" class=\"_self\" target=\"_self\" >Assembl\u00e9e G\u00e9n\u00e9rale de la SAS Eoliennes du Fief-Sauvin<\/a><\/h4>\n<div class=\"pt-cv-content\">L'AG de la soci\u00e9t\u00e9 citoyenne SAS Eoliennes du Fief-Sauvin s'est tenue le vendredi 5 d\u00e9cembre 2025 \u00e0 la MCL de ...<br \/><div class=\"pt-cv-rmwrap\"><a href=\"https:\/\/ventsdevre.fr\/WP\/2025\/12\/18\/assemblee-generale-de-la-sas-eoliennes-du-fief-sauvin\/\" class=\"_self pt-cv-readmore btn btn-success\" target=\"_self\">Lire La Suite\u2026<\/a><\/div><\/div><\/div>\n<div class=\" pt-cv-content-item pt-cv-1-col\" ><div class=\"pt-cv-thumb-wrapper  \"><a href=\"https:\/\/ventsdevre.fr\/WP\/2025\/09\/23\/celebrationpremierstoursdepale\/\" class=\"_self pt-cv-href-thumbnail pt-cv-thumb-default\" target=\"_self\" ><img loading=\"lazy\" decoding=\"async\" width=\"768\" height=\"432\" src=\"https:\/\/ventsdevre.fr\/WP\/wp-content\/uploads\/2025\/09\/Pa11-768x432.jpeg\" class=\"pt-cv-thumbnail\" alt=\"\" srcset=\"https:\/\/ventsdevre.fr\/WP\/wp-content\/uploads\/2025\/09\/Pa11-768x432.jpeg 768w, https:\/\/ventsdevre.fr\/WP\/wp-content\/uploads\/2025\/09\/Pa11-300x169.jpeg 300w, https:\/\/ventsdevre.fr\/WP\/wp-content\/uploads\/2025\/09\/Pa11-1024x576.jpeg 1024w, https:\/\/ventsdevre.fr\/WP\/wp-content\/uploads\/2025\/09\/Pa11-1536x864.jpeg 1536w, https:\/\/ventsdevre.fr\/WP\/wp-content\/uploads\/2025\/09\/Pa11.jpeg 1600w\" sizes=\"auto, (max-width: 768px) 100vw, 768px\" \/><\/a><\/div>\n<h4 class=\"pt-cv-title\"><a href=\"https:\/\/ventsdevre.fr\/WP\/2025\/09\/23\/celebrationpremierstoursdepale\/\" class=\"_self\" target=\"_self\" >Premiers tours de pales&#8230;<\/a><\/h4>\n<div class=\"pt-cv-content\">Des photos et des vid\u00e9os ! ...<br \/><div class=\"pt-cv-rmwrap\"><a href=\"https:\/\/ventsdevre.fr\/WP\/2025\/09\/23\/celebrationpremierstoursdepale\/\" class=\"_self pt-cv-readmore btn btn-success\" target=\"_self\">Lire La Suite\u2026<\/a><\/div><\/div><\/div>\n<div class=\" pt-cv-content-item pt-cv-1-col\" ><div class=\"pt-cv-thumb-wrapper  \"><a href=\"https:\/\/ventsdevre.fr\/WP\/2025\/09\/22\/ouest-france-un-nouveau-parc-eolien-citoyen-en-anjou\/\" class=\"_self pt-cv-href-thumbnail pt-cv-thumb-default\" target=\"_self\" ><img loading=\"lazy\" decoding=\"async\" width=\"768\" height=\"432\" src=\"https:\/\/ventsdevre.fr\/WP\/wp-content\/uploads\/2025\/09\/Pa2-768x432.jpeg\" class=\"pt-cv-thumbnail\" alt=\"\" srcset=\"https:\/\/ventsdevre.fr\/WP\/wp-content\/uploads\/2025\/09\/Pa2-768x432.jpeg 768w, https:\/\/ventsdevre.fr\/WP\/wp-content\/uploads\/2025\/09\/Pa2-300x169.jpeg 300w, https:\/\/ventsdevre.fr\/WP\/wp-content\/uploads\/2025\/09\/Pa2-1024x576.jpeg 1024w, https:\/\/ventsdevre.fr\/WP\/wp-content\/uploads\/2025\/09\/Pa2-1536x864.jpeg 1536w, https:\/\/ventsdevre.fr\/WP\/wp-content\/uploads\/2025\/09\/Pa2.jpeg 1600w\" sizes=\"auto, (max-width: 768px) 100vw, 768px\" \/><\/a><\/div>\n<h4 class=\"pt-cv-title\"><a href=\"https:\/\/ventsdevre.fr\/WP\/2025\/09\/22\/ouest-france-un-nouveau-parc-eolien-citoyen-en-anjou\/\" class=\"_self\" target=\"_self\" >Ouest-France : Un nouveau parc \u00e9olien citoyen en Anjou<\/a><\/h4>\n<div class=\"pt-cv-content\">Ce vendredi 19 septembre 2025, le nouveau parc \u00e9olien citoyen du FiefSauvin, situ\u00e9 dans la commune de Montrevault-sur-\u00c8vre (Maine-et-Loire), a ...<br \/><div class=\"pt-cv-rmwrap\"><a href=\"https:\/\/ventsdevre.fr\/WP\/2025\/09\/22\/ouest-france-un-nouveau-parc-eolien-citoyen-en-anjou\/\" class=\"_self pt-cv-readmore btn btn-success\" target=\"_self\">Lire La Suite\u2026<\/a><\/div><\/div><\/div>\n<div class=\" pt-cv-content-item pt-cv-1-col\" ><div class=\"pt-cv-thumb-wrapper  \"><a href=\"https:\/\/ventsdevre.fr\/WP\/2025\/09\/22\/ouest-france-du-17-09-2025-au-fief-sauvin-lentree-en-service-du-dixieme-parc-eolien-des-mauges\/\" class=\"_self pt-cv-href-thumbnail pt-cv-thumb-default\" target=\"_self\" ><img loading=\"lazy\" decoding=\"async\" width=\"768\" height=\"432\" src=\"https:\/\/ventsdevre.fr\/WP\/wp-content\/uploads\/2025\/09\/PiqueNique2_800-768x432.jpg\" class=\"pt-cv-thumbnail\" alt=\"\" srcset=\"https:\/\/ventsdevre.fr\/WP\/wp-content\/uploads\/2025\/09\/PiqueNique2_800-768x432.jpg 768w, https:\/\/ventsdevre.fr\/WP\/wp-content\/uploads\/2025\/09\/PiqueNique2_800-300x169.jpg 300w, https:\/\/ventsdevre.fr\/WP\/wp-content\/uploads\/2025\/09\/PiqueNique2_800.jpg 800w\" sizes=\"auto, (max-width: 768px) 100vw, 768px\" \/><\/a><\/div>\n<h4 class=\"pt-cv-title\"><a href=\"https:\/\/ventsdevre.fr\/WP\/2025\/09\/22\/ouest-france-du-17-09-2025-au-fief-sauvin-lentree-en-service-du-dixieme-parc-eolien-des-mauges\/\" class=\"_self\" target=\"_self\" >Ouest-France du 17\/09\/2025 : Au Fief-Sauvin, l\u2019entr\u00e9e en service du dixi\u00e8me parc \u00e9olien des Mauges<\/a><\/h4>\n<div class=\"pt-cv-content\">Ses premiers tours de pales seront c\u00e9l\u00e9br\u00e9s ce vendredi 19 septembre. Port\u00e9 par un actionnariat 100 % citoyen, le parc ...<br \/><div class=\"pt-cv-rmwrap\"><a href=\"https:\/\/ventsdevre.fr\/WP\/2025\/09\/22\/ouest-france-du-17-09-2025-au-fief-sauvin-lentree-en-service-du-dixieme-parc-eolien-des-mauges\/\" class=\"_self pt-cv-readmore btn btn-success\" target=\"_self\">Lire La Suite\u2026<\/a><\/div><\/div><\/div>\n<div class=\" pt-cv-content-item pt-cv-1-col\" ><div class=\"pt-cv-thumb-wrapper  \"><a href=\"https:\/\/ventsdevre.fr\/WP\/2025\/06\/11\/meme-pas-peur\/\" class=\"_self pt-cv-href-thumbnail pt-cv-thumb-default\" target=\"_self\" ><img loading=\"lazy\" decoding=\"async\" width=\"768\" height=\"432\" src=\"https:\/\/ventsdevre.fr\/WP\/wp-content\/uploads\/2025\/06\/IMG-20250529-WA00053-768x432.jpg\" class=\"pt-cv-thumbnail\" alt=\"\" srcset=\"https:\/\/ventsdevre.fr\/WP\/wp-content\/uploads\/2025\/06\/IMG-20250529-WA00053-768x432.jpg 768w, https:\/\/ventsdevre.fr\/WP\/wp-content\/uploads\/2025\/06\/IMG-20250529-WA00053-300x169.jpg 300w, https:\/\/ventsdevre.fr\/WP\/wp-content\/uploads\/2025\/06\/IMG-20250529-WA00053-1024x576.jpg 1024w, https:\/\/ventsdevre.fr\/WP\/wp-content\/uploads\/2025\/06\/IMG-20250529-WA00053-1536x864.jpg 1536w, https:\/\/ventsdevre.fr\/WP\/wp-content\/uploads\/2025\/06\/IMG-20250529-WA00053.jpg 2000w\" sizes=\"auto, (max-width: 768px) 100vw, 768px\" \/><\/a><\/div>\n<h4 class=\"pt-cv-title\"><a href=\"https:\/\/ventsdevre.fr\/WP\/2025\/06\/11\/meme-pas-peur\/\" class=\"_self\" target=\"_self\" >M\u00eame pas peur\u2026<\/a><\/h4>\n<div class=\"pt-cv-content\">Sur les images du chantier, on aper\u00e7oit parfois des hommes haut perch\u00e9s, \u00e0 90 m\u00e8tres de hauteur\u2026C\u2019est une t\u00eate qui ...<br \/><div class=\"pt-cv-rmwrap\"><a href=\"https:\/\/ventsdevre.fr\/WP\/2025\/06\/11\/meme-pas-peur\/\" class=\"_self pt-cv-readmore btn btn-success\" target=\"_self\">Lire La Suite\u2026<\/a><\/div><\/div><\/div>\n<div class=\" pt-cv-content-item pt-cv-1-col\" ><div class=\"pt-cv-thumb-wrapper  \"><a href=\"https:\/\/ventsdevre.fr\/WP\/2025\/06\/01\/les-quatre-eoliennes-du-parc-sont-montees\/\" class=\"_self pt-cv-href-thumbnail pt-cv-thumb-default\" target=\"_self\" ><img loading=\"lazy\" decoding=\"async\" width=\"768\" height=\"432\" src=\"https:\/\/ventsdevre.fr\/WP\/wp-content\/uploads\/2025\/06\/IMG-20250530-WA0001-768x432.jpg\" class=\"pt-cv-thumbnail\" alt=\"\" srcset=\"https:\/\/ventsdevre.fr\/WP\/wp-content\/uploads\/2025\/06\/IMG-20250530-WA0001-768x432.jpg 768w, https:\/\/ventsdevre.fr\/WP\/wp-content\/uploads\/2025\/06\/IMG-20250530-WA0001-300x169.jpg 300w, https:\/\/ventsdevre.fr\/WP\/wp-content\/uploads\/2025\/06\/IMG-20250530-WA0001-1024x576.jpg 1024w, https:\/\/ventsdevre.fr\/WP\/wp-content\/uploads\/2025\/06\/IMG-20250530-WA0001-1536x864.jpg 1536w, https:\/\/ventsdevre.fr\/WP\/wp-content\/uploads\/2025\/06\/IMG-20250530-WA0001.jpg 1600w\" sizes=\"auto, (max-width: 768px) 100vw, 768px\" \/><\/a><\/div>\n<h4 class=\"pt-cv-title\"><a href=\"https:\/\/ventsdevre.fr\/WP\/2025\/06\/01\/les-quatre-eoliennes-du-parc-sont-montees\/\" class=\"_self\" target=\"_self\" >Les quatre \u00e9oliennes du Parc sont mont\u00e9es !<\/a><\/h4>\n<div class=\"pt-cv-content\">Du mardi 22 avril au lundi 26 mai, 5 semaines ont suffi pour le montage des quatre \u00e9oliennes. Le planning ...<br \/><div class=\"pt-cv-rmwrap\"><a href=\"https:\/\/ventsdevre.fr\/WP\/2025\/06\/01\/les-quatre-eoliennes-du-parc-sont-montees\/\" class=\"_self pt-cv-readmore btn btn-success\" target=\"_self\">Lire La Suite\u2026<\/a><\/div><\/div><\/div><\/div><\/div><\/div>\t\t\t<style type=\"text\/css\" id=\"pt-cv-inline-style-8bf98b9slf\">\n#pt-cv-view-a575bb1qaw .pt-cv-thumb-wrapper:not(.miniwrap) {  }#pt-cv-view-a575bb1qaw .pt-cv-thumbnail:not(.pt-cv-thumbnailsm) { height: 250px; }#pt-cv-view-a575bb1qaw > .pt-cv-page {grid-template-columns: repeat(4, 1fr);grid-gap: 15px;}\n@media all and (max-width: 1024px) { \n#pt-cv-view-a575bb1qaw > .pt-cv-page {grid-template-columns: repeat(1, 1fr);}\n} \n@media all and (max-width: 767px) { \n#pt-cv-view-a575bb1qaw > .pt-cv-page {grid-template-columns: repeat(1, 1fr);}\n} <\/style>\r\n\t\t\t\n","protected":false},"excerpt":{"rendered":"","protected":false},"author":1,"featured_media":0,"parent":0,"menu_order":0,"comment_status":"closed","ping_status":"closed","template":"","meta":{"cybocfi_hide_featured_image":"","footnotes":""},"class_list":["post-620","page","type-page","status-publish","hentry"],"_links":{"self":[{"href":"https:\/\/ventsdevre.fr\/WP\/wp-json\/wp\/v2\/pages\/620","targetHints":{"allow":["GET"]}}],"collection":[{"href":"https:\/\/ventsdevre.fr\/WP\/wp-json\/wp\/v2\/pages"}],"about":[{"href":"https:\/\/ventsdevre.fr\/WP\/wp-json\/wp\/v2\/types\/page"}],"author":[{"embeddable":true,"href":"https:\/\/ventsdevre.fr\/WP\/wp-json\/wp\/v2\/users\/1"}],"replies":[{"embeddable":true,"href":"https:\/\/ventsdevre.fr\/WP\/wp-json\/wp\/v2\/comments?post=620"}],"version-history":[{"count":3,"href":"https:\/\/ventsdevre.fr\/WP\/wp-json\/wp\/v2\/pages\/620\/revisions"}],"predecessor-version":[{"id":624,"href":"https:\/\/ventsdevre.fr\/WP\/wp-json\/wp\/v2\/pages\/620\/revisions\/624"}],"wp:attachment":[{"href":"https:\/\/ventsdevre.fr\/WP\/wp-json\/wp\/v2\/media?parent=620"}],"curies":[{"name":"wp","href":"https:\/\/api.w.org\/{rel}","templated":true}]}}