{"id":25,"date":"2023-11-11T15:02:47","date_gmt":"2023-11-11T14:02:47","guid":{"rendered":"https:\/\/ventsdevre.fr\/WP\/?page_id=25"},"modified":"2026-03-10T11:44:16","modified_gmt":"2026-03-10T10:44:16","slug":"accueil","status":"publish","type":"page","link":"https:\/\/ventsdevre.fr\/WP\/","title":{"rendered":"Accueil"},"content":{"rendered":"<figure class=\"wp-block-table is-style-regular\"><span style=\"font-size: 14pt; font-family: 'comic sans ms', sans-serif;\"><span style=\"font-size: 14pt; font-family: 'comic sans ms', sans-serif;\"><strong> Un parc \u00e9olien 100 % citoyen et territoire au Fief-Sauvin, en service depuis septembre 2025, pour une exploitation jusqu\u2019en 2050.<\/strong><br \/><\/span><\/span> <span style=\"font-size: 18pt;\"><span style=\"font-size: 18pt;\"><em><\/em><\/span><\/span>\u00a0<\/figure>\r\n<figure class=\"wp-block-table is-style-regular\">\r\n<table style=\"width: 100%; height: 504px;\">\r\n<tbody>\r\n<tr style=\"height: 266px;\">\r\n<td class=\"has-text-align-center\" style=\"border-style: hidden; vertical-align: top; height: 266px; width: 59.8959%; text-align: center;\" colspan=\"3\" data-align=\"center\"><div class=\"pt-cv-wrapper\"><div class=\"pt-cv-view pt-cv-blockgrid iscvblock iscvhybrid grid1 layout1\" id=\"pt-cv-view-ecff4c6l8i\"><div data-id=\"pt-cv-page-1\" class=\"pt-cv-page\" data-cvc=\"4\"><div class=\" pt-cv-content-item pt-cv-1-col\" ><div class=\"pt-cv-thumb-wrapper  \"><a href=\"https:\/\/ventsdevre.fr\/WP\/2026\/04\/27\/25-avril-2026-inauguration-du-parc-eolien\/\" class=\"_self pt-cv-href-thumbnail pt-cv-thumb-default\" target=\"_self\" ><img loading=\"lazy\" decoding=\"async\" width=\"768\" height=\"267\" src=\"https:\/\/ventsdevre.fr\/WP\/wp-content\/uploads\/2026\/04\/TousHola-768x267.png\" class=\"pt-cv-thumbnail\" alt=\"\" srcset=\"https:\/\/ventsdevre.fr\/WP\/wp-content\/uploads\/2026\/04\/TousHola-768x267.png 768w, https:\/\/ventsdevre.fr\/WP\/wp-content\/uploads\/2026\/04\/TousHola-300x104.png 300w, https:\/\/ventsdevre.fr\/WP\/wp-content\/uploads\/2026\/04\/TousHola-1024x356.png 1024w, https:\/\/ventsdevre.fr\/WP\/wp-content\/uploads\/2026\/04\/TousHola-1536x533.png 1536w, https:\/\/ventsdevre.fr\/WP\/wp-content\/uploads\/2026\/04\/TousHola.png 1843w\" sizes=\"auto, (max-width: 768px) 100vw, 768px\" \/><\/a><\/div>\n<h4 class=\"pt-cv-title\"><a href=\"https:\/\/ventsdevre.fr\/WP\/2026\/04\/27\/25-avril-2026-inauguration-du-parc-eolien\/\" class=\"_self\" target=\"_self\" >25 avril 2026 : inauguration du parc \u00e9olien !<\/a><\/h4>\n<div class=\"pt-cv-content\">Une belle journ\u00e9e d'inauguration : merci \u00e0 tous, qui par votre pr\u00e9sence et\/ou votre aide b\u00e9n\u00e9vole, avez contribu\u00e9 \u00e0 la ...<br \/><div class=\"pt-cv-rmwrap\"><a href=\"https:\/\/ventsdevre.fr\/WP\/2026\/04\/27\/25-avril-2026-inauguration-du-parc-eolien\/\" class=\"_self pt-cv-readmore btn btn-success\" target=\"_self\">Lire La Suite\u2026<\/a><\/div><\/div><\/div>\n<div class=\" pt-cv-content-item pt-cv-1-col\" ><div class=\"pt-cv-thumb-wrapper  \"><a href=\"https:\/\/ventsdevre.fr\/WP\/2026\/04\/22\/derniere-reunion-avant-linauguration\/\" class=\"_self pt-cv-href-thumbnail pt-cv-thumb-default\" target=\"_self\" ><img loading=\"lazy\" decoding=\"async\" width=\"768\" height=\"576\" src=\"https:\/\/ventsdevre.fr\/WP\/wp-content\/uploads\/2026\/04\/ReuPrepa-768x576.jpg\" class=\"pt-cv-thumbnail\" alt=\"\" srcset=\"https:\/\/ventsdevre.fr\/WP\/wp-content\/uploads\/2026\/04\/ReuPrepa-768x576.jpg 768w, https:\/\/ventsdevre.fr\/WP\/wp-content\/uploads\/2026\/04\/ReuPrepa-300x225.jpg 300w, https:\/\/ventsdevre.fr\/WP\/wp-content\/uploads\/2026\/04\/ReuPrepa-1024x768.jpg 1024w, https:\/\/ventsdevre.fr\/WP\/wp-content\/uploads\/2026\/04\/ReuPrepa-1536x1152.jpg 1536w, https:\/\/ventsdevre.fr\/WP\/wp-content\/uploads\/2026\/04\/ReuPrepa.jpg 1920w\" sizes=\"auto, (max-width: 768px) 100vw, 768px\" \/><\/a><\/div>\n<h4 class=\"pt-cv-title\"><a href=\"https:\/\/ventsdevre.fr\/WP\/2026\/04\/22\/derniere-reunion-avant-linauguration\/\" class=\"_self\" target=\"_self\" >Derni\u00e8re  r\u00e9union avant l&rsquo;inauguration !<\/a><\/h4>\n<div class=\"pt-cv-content\">Plusieurs centaines de personnes ont r\u00e9pondu \u00e0 l'invitation de Vents d'Evre et participeront \u00e0 l'inauguration du parc \u00e9olien samedi prochain ...<br \/><div class=\"pt-cv-rmwrap\"><a href=\"https:\/\/ventsdevre.fr\/WP\/2026\/04\/22\/derniere-reunion-avant-linauguration\/\" class=\"_self pt-cv-readmore btn btn-success\" target=\"_self\">Lire La Suite\u2026<\/a><\/div><\/div><\/div>\n<div class=\" pt-cv-content-item pt-cv-1-col\" ><div class=\"pt-cv-thumb-wrapper  \"><a href=\"https:\/\/ventsdevre.fr\/WP\/2026\/04\/14\/les-pompiers-du-grimp-en-manoeuvre-sur-nos-eoliennes\/\" class=\"_self pt-cv-href-thumbnail pt-cv-thumb-default\" target=\"_self\" ><img loading=\"lazy\" decoding=\"async\" width=\"768\" height=\"576\" src=\"https:\/\/ventsdevre.fr\/WP\/wp-content\/uploads\/2026\/04\/20260409_121528-768x576.jpg\" class=\"pt-cv-thumbnail\" alt=\"\" srcset=\"https:\/\/ventsdevre.fr\/WP\/wp-content\/uploads\/2026\/04\/20260409_121528-768x576.jpg 768w, https:\/\/ventsdevre.fr\/WP\/wp-content\/uploads\/2026\/04\/20260409_121528-300x225.jpg 300w, https:\/\/ventsdevre.fr\/WP\/wp-content\/uploads\/2026\/04\/20260409_121528-1024x768.jpg 1024w, https:\/\/ventsdevre.fr\/WP\/wp-content\/uploads\/2026\/04\/20260409_121528-1536x1152.jpg 1536w, https:\/\/ventsdevre.fr\/WP\/wp-content\/uploads\/2026\/04\/20260409_121528.jpg 1920w\" sizes=\"auto, (max-width: 768px) 100vw, 768px\" \/><\/a><\/div>\n<h4 class=\"pt-cv-title\"><a href=\"https:\/\/ventsdevre.fr\/WP\/2026\/04\/14\/les-pompiers-du-grimp-en-manoeuvre-sur-nos-eoliennes\/\" class=\"_self\" target=\"_self\" >Les pompiers du GRIMP en man\u0153uvre sur nos \u00e9oliennes !<\/a><\/h4>\n<div class=\"pt-cv-content\">Jeudi 9 avril, une dizaine de pompiers angevins du GRIMP (Groupe de Reconnaissance et d\u2019Intervention en Milieu P\u00e9rilleux) \u00e9tait en ...<br \/><div class=\"pt-cv-rmwrap\"><a href=\"https:\/\/ventsdevre.fr\/WP\/2026\/04\/14\/les-pompiers-du-grimp-en-manoeuvre-sur-nos-eoliennes\/\" class=\"_self pt-cv-readmore btn btn-success\" target=\"_self\">Lire La Suite\u2026<\/a><\/div><\/div><\/div>\n<div class=\" pt-cv-content-item pt-cv-1-col\" ><div class=\"pt-cv-thumb-wrapper  \"><a href=\"https:\/\/ventsdevre.fr\/WP\/2026\/01\/13\/en-classe-au-fief-sauvin-a-la-decouverte-des-energies-avec-le-cpie\/\" class=\"_self pt-cv-href-thumbnail pt-cv-thumb-default\" target=\"_self\" ><img loading=\"lazy\" decoding=\"async\" width=\"768\" height=\"576\" src=\"https:\/\/ventsdevre.fr\/WP\/wp-content\/uploads\/2026\/01\/20260108_110229-768x576.jpg\" class=\"pt-cv-thumbnail\" alt=\"\" srcset=\"https:\/\/ventsdevre.fr\/WP\/wp-content\/uploads\/2026\/01\/20260108_110229-768x576.jpg 768w, https:\/\/ventsdevre.fr\/WP\/wp-content\/uploads\/2026\/01\/20260108_110229-300x225.jpg 300w, https:\/\/ventsdevre.fr\/WP\/wp-content\/uploads\/2026\/01\/20260108_110229-1024x768.jpg 1024w, https:\/\/ventsdevre.fr\/WP\/wp-content\/uploads\/2026\/01\/20260108_110229-1536x1152.jpg 1536w, https:\/\/ventsdevre.fr\/WP\/wp-content\/uploads\/2026\/01\/20260108_110229.jpg 1920w\" sizes=\"auto, (max-width: 768px) 100vw, 768px\" \/><\/a><\/div>\n<h4 class=\"pt-cv-title\"><a href=\"https:\/\/ventsdevre.fr\/WP\/2026\/01\/13\/en-classe-au-fief-sauvin-a-la-decouverte-des-energies-avec-le-cpie\/\" class=\"_self\" target=\"_self\" >En classe au Fief-Sauvin, \u00e0 la d\u00e9couverte des \u00e9nergies avec le CPIE<\/a><\/h4>\n<div class=\"pt-cv-content\">Le parc \u00e9olien citoyen du Fief-Sauvin a propos\u00e9 une troisi\u00e8me s\u00e9ance d\u2019animation pour les classes de CM1 et CM2 de ...<br \/><div class=\"pt-cv-rmwrap\"><a href=\"https:\/\/ventsdevre.fr\/WP\/2026\/01\/13\/en-classe-au-fief-sauvin-a-la-decouverte-des-energies-avec-le-cpie\/\" class=\"_self pt-cv-readmore btn btn-success\" target=\"_self\">Lire La Suite\u2026<\/a><\/div><\/div><\/div><\/div><\/div><\/div>\t\t\t<style type=\"text\/css\" id=\"pt-cv-inline-style-5ff7a6fsnt\">\n#pt-cv-view-ecff4c6l8i .pt-cv-thumb-wrapper:not(.miniwrap) {  }#pt-cv-view-ecff4c6l8i .pt-cv-thumbnail:not(.pt-cv-thumbnailsm) { height: 250px; }#pt-cv-view-ecff4c6l8i > .pt-cv-page {grid-template-columns: repeat(4, 1fr);grid-gap: 15px;}\n@media all and (max-width: 1024px) { \n#pt-cv-view-ecff4c6l8i > .pt-cv-page {grid-template-columns: repeat(1, 1fr);}\n} \n@media all and (max-width: 767px) { \n#pt-cv-view-ecff4c6l8i > .pt-cv-page {grid-template-columns: repeat(1, 1fr);}\n} <\/style>\r\n\t\t\t<br \/>\r\n<p>&nbsp;<\/p>\r\n<p>&nbsp;<\/p>\r\n<\/td>\r\n<td class=\"has-text-align-center\" style=\"border-style: hidden; height: 266px; width: 25.1042%; text-align: center; vertical-align: top;\" data-align=\"center\">\r\n<p><img loading=\"lazy\" decoding=\"async\" class=\"\" src=\"https:\/\/ventsdevre.fr\/WP\/wp-content\/uploads\/2023\/12\/EolienneGifA_41454.gif\" alt=\"\" width=\"95\" height=\"219\" \/><\/p>\r\n<div id='m\u00e9t\u00e9o' class='widgets_on_page wop_tiny1  wop_small1  wop_medium1  wop_large1  wop_wide1'>\n\t\t\t<ul><li id=\"wp-forecast-5\" class=\"widget wp_forecast_widget\"><h2 class=\"widgettitle\"><\/h2><div id=\"wp-forecastA\" class=\"wp-forecast\">\n<div class=\"wp-forecast-curr\">\n<div class=\"wp-forecast-curr-head\"><div>Parc \u00e9olien - La Petite For\u00eat<\/div>\n<div>29 avril 2026, 17h55<\/div>\n<\/div>\n<div class=\"wp-forecast-curr-block\"><div class='wp-forecast-curr-left'><img class='wp-forecast-curr-left' src='https:\/\/ventsdevre.fr\/WP\/wp-content\/plugins\/wp-forecast\/icons\/07.gif' alt='Overcast' width='64' height='40' \/>\n<br \/><img src='https:\/\/ventsdevre.fr\/WP\/wp-content\/plugins\/wp-forecast\/icons\/wpf-ENE.png' alt='ENE' width='48' height='48' \/>\n<\/div><div class='wp-forecast-curr-right'><div>20&deg;C<\/div><div class=\"wp-forecast-wind-right\">2.6 m\/s<\/div>\n<\/div>\n<\/div>\n<div class=\"wp-forecast-curr-details\"><div>Vent: 2.6 m\/s ENE<\/div>\n<div>Rafales : 8.6 m\/s<\/div>\n<div class=\"wp-forecast-copyright\"><a href=\"https:\/\/open-meteo.com\">&copy; 2026 Powered by Open-Meteo<\/a><\/div><\/div>\n<\/div>\n<div class=\"wp-forecast-fc\">\n<\/div>\n<\/div>\n<div style=\"clear:inherit;\">&nbsp;<\/div><\/li><\/ul><\/div><!-- widgets_on_page --><\/td>\r\n<\/tr>\r\n<tr style=\"height: 158px;\">\r\n<td class=\"has-text-align-center\" style=\"border-style: hidden; vertical-align: top; height: 158px; width: 24.1667%;\" data-align=\"center\"><img loading=\"lazy\" decoding=\"async\" class=\"aligncenter\" src=\"https:\/\/ventsdevre.fr\/WP\/wp-content\/uploads\/2023\/11\/picto1.png\" alt=\"\" width=\"148\" height=\"148\" \/><\/td>\r\n<td class=\"has-text-align-center\" style=\"border-style: hidden; vertical-align: top; height: 158px; width: 35.7292%;\" data-align=\"center\"><img loading=\"lazy\" decoding=\"async\" class=\"aligncenter\" src=\"https:\/\/ventsdevre.fr\/WP\/wp-content\/uploads\/2023\/11\/picto3.png\" alt=\"\" width=\"148\" height=\"148\" \/><\/td>\r\n<td class=\"has-text-align-center\" style=\"border-style: hidden; vertical-align: top; height: 158px; width: 15%;\" data-align=\"center\"><img loading=\"lazy\" decoding=\"async\" class=\"aligncenter\" src=\"https:\/\/ventsdevre.fr\/WP\/wp-content\/uploads\/2023\/11\/picto2.png\" alt=\"\" width=\"148\" height=\"148\" \/><\/td>\r\n<td class=\"has-text-align-center\" style=\"border-style: hidden; vertical-align: top; height: 158px; width: 25.1042%;\" data-align=\"center\"><img loading=\"lazy\" decoding=\"async\" class=\"aligncenter\" src=\"https:\/\/ventsdevre.fr\/WP\/wp-content\/uploads\/2023\/11\/picto4.png\" alt=\"\" width=\"148\" height=\"148\" \/><\/td>\r\n<\/tr>\r\n<tr style=\"height: 80px;\">\r\n<td class=\"has-text-align-center\" style=\"border-style: hidden; height: 80px; width: 24.1667%; text-align: center;\" data-align=\"center\"><strong>4 \u00e9oliennes<\/strong><\/td>\r\n<td class=\"has-text-align-center\" style=\"border-style: hidden; height: 80px; width: 35.7292%; text-align: center;\" data-align=\"center\"><b>Consommation annuelle 23000 personnes<\/b><br \/><em>(hors chauffage et eau chaude sanitaire)<\/em><\/td>\r\n<td class=\"has-text-align-center\" style=\"border-style: hidden; height: 80px; width: 15%; text-align: center;\" data-align=\"center\"><strong>Au Fief-Sauvin<\/strong><\/td>\r\n<td class=\"has-text-align-center\" style=\"border-style: hidden; height: 80px; width: 25.1042%; text-align: center;\" data-align=\"center\"><strong>Mis en service en septembre 2025<\/strong><\/td>\r\n<\/tr>\r\n<\/tbody>\r\n<\/table>\r\n<\/figure>\r\n\r\n<p>&nbsp;<\/p>\r\n\r\n<p><!-- \/wp:post-content --><\/p>\r\n<p><!-- wp:image {\"id\":256,\"sizeSlug\":\"full\",\"linkDestination\":\"none\"} \/--><\/p>\r\n<p><!-- wp:table --><\/p>\r\n<figure class=\"wp-block-table\"><\/figure>\r\n<p><!-- \/wp:table --><\/p>\r\n<p><!-- wp:audio {\"id\":151} --><\/p>\r\n<figure class=\"wp-block-audio\"><img loading=\"lazy\" decoding=\"async\" class=\"wp-image-611 alignnone size-medium\" src=\"https:\/\/ventsdevre.fr\/WP\/wp-content\/uploads\/2023\/12\/Pasted-1.gif\" alt=\"\" width=\"1\" height=\"1\" \/>\u00a0<code><\/code><\/figure>\r\n<p><!-- \/wp:audio --><\/p>\r\n<p><!-- wp:code \/--><\/p>\r\n<p><!-- wp:code \/--><\/p>","protected":false},"excerpt":{"rendered":"<p>Un parc \u00e9olien 100 % citoyen et territoire au Fief-Sauvin, en service depuis septembre 2025, pour une exploitation jusqu\u2019en 2050. \u00a0 &nbsp; &nbsp; 4 \u00e9oliennes &hellip; <\/p>\n","protected":false},"author":1,"featured_media":0,"parent":0,"menu_order":0,"comment_status":"closed","ping_status":"closed","template":"","meta":{"cybocfi_hide_featured_image":"","footnotes":""},"class_list":["post-25","page","type-page","status-publish","hentry"],"_links":{"self":[{"href":"https:\/\/ventsdevre.fr\/WP\/wp-json\/wp\/v2\/pages\/25","targetHints":{"allow":["GET"]}}],"collection":[{"href":"https:\/\/ventsdevre.fr\/WP\/wp-json\/wp\/v2\/pages"}],"about":[{"href":"https:\/\/ventsdevre.fr\/WP\/wp-json\/wp\/v2\/types\/page"}],"author":[{"embeddable":true,"href":"https:\/\/ventsdevre.fr\/WP\/wp-json\/wp\/v2\/users\/1"}],"replies":[{"embeddable":true,"href":"https:\/\/ventsdevre.fr\/WP\/wp-json\/wp\/v2\/comments?post=25"}],"version-history":[{"count":90,"href":"https:\/\/ventsdevre.fr\/WP\/wp-json\/wp\/v2\/pages\/25\/revisions"}],"predecessor-version":[{"id":1589,"href":"https:\/\/ventsdevre.fr\/WP\/wp-json\/wp\/v2\/pages\/25\/revisions\/1589"}],"wp:attachment":[{"href":"https:\/\/ventsdevre.fr\/WP\/wp-json\/wp\/v2\/media?parent=25"}],"curies":[{"name":"wp","href":"https:\/\/api.w.org\/{rel}","templated":true}]}}